{"id":7707,"date":"2020-03-02T17:08:48","date_gmt":"2020-03-02T16:08:48","guid":{"rendered":"https:\/\/tplust.pl\/kursy-jezykowe-zagranica\/oferty\/kuba-hawana-jezyk-hiszpanski-kursy-dla-doroslych\/"},"modified":"2020-03-09T11:00:14","modified_gmt":"2020-03-09T10:00:14","slug":"kuba-hawana-jezyk-hiszpanski-kursy-dla-doroslych","status":"publish","type":"oferty","link":"https:\/\/tplust.pl\/kursy-jezykowe-zagranica\/oferty\/kuba-hawana-jezyk-hiszpanski-kursy-dla-doroslych\/","title":{"rendered":"Kuba, Hawana <br\/>J\u0119zyk hiszpa\u0144ski &#8211; Kursy dla doros\u0142ych"},"content":{"rendered":"<div class=\"wpb-content-wrapper\"><p>[vc_row equal_height=&#8221;yes&#8221; content_placement=&#8221;top&#8221;][vc_column][vc_column_text]<\/p>\n<h2 style=\"color: #a41984; text-align: left;\">J\u0119zyk hiszpa\u0144ski - Kurs og\u00f3lny dla os\u00f3b doros\u0142ych 18+<\/h2>\n<p>[\/vc_column_text][vc_column_text]<\/p>\n<h2 style=\"color: #747474; text-align: right;\">od 3220 PLN za 1 tydzie\u0144<\/h2>\n<p>[\/vc_column_text][\/vc_column][\/vc_row][vc_row][vc_column][vc_separator][\/vc_column][\/vc_row][vc_row][vc_column width=&#8221;1\/4&#8243;][vc_row_inner equal_height=&#8221;yes&#8221; content_placement=&#8221;middle&#8221;][vc_column_inner width=&#8221;1\/4&#8243; offset=&#8221;vc_col-xs-3&#8243;][vc_icon icon_fontawesome=&#8221;fa fa-flag&#8221; color=&#8221;custom&#8221; size=&#8221;sm&#8221; custom_color=&#8221;#a41984&#8243;][\/vc_column_inner][vc_column_inner width=&#8221;3\/4&#8243; offset=&#8221;vc_col-xs-9&#8243;][vc_column_text]J\u0119zyk: <strong>hiszpa\u0144ski<\/strong>[\/vc_column_text][\/vc_column_inner][\/vc_row_inner][\/vc_column][vc_column width=&#8221;1\/4&#8243;][vc_row_inner equal_height=&#8221;yes&#8221; content_placement=&#8221;middle&#8221;][vc_column_inner width=&#8221;1\/4&#8243; offset=&#8221;vc_col-xs-3&#8243;][vc_icon icon_fontawesome=&#8221;fa fa-graduation-cap&#8221; color=&#8221;custom&#8221; custom_color=&#8221;#a41984&#8243;][\/vc_column_inner][vc_column_inner width=&#8221;3\/4&#8243; offset=&#8221;vc_col-xs-9&#8243;][vc_column_text]Rodzaj kursu: <strong>standardowy og\u00f3lny<\/strong>[\/vc_column_text][\/vc_column_inner][\/vc_row_inner][\/vc_column][vc_column width=&#8221;1\/4&#8243;][vc_row_inner equal_height=&#8221;yes&#8221; content_placement=&#8221;middle&#8221;][vc_column_inner width=&#8221;1\/4&#8243; offset=&#8221;vc_col-xs-3&#8243; offset=&#8221;vc_col-xs-3&#8243;][vc_icon icon_fontawesome=&#8221;fa fa-clock-o&#8221; color=&#8221;custom&#8221; custom_color=&#8221;#a41984&#8243;][\/vc_column_inner][vc_column_inner width=&#8221;3\/4&#8243; offset=&#8221;vc_col-xs-9&#8243;][vc_column_text]D\u0142ugo\u015b\u0107 pobytu: \u00a0<strong>min. 1 tydzie\u0144<\/strong>[\/vc_column_text][\/vc_column_inner][\/vc_row_inner][\/vc_column][vc_column width=&#8221;1\/4&#8243;][vc_row_inner equal_height=&#8221;yes&#8221; content_placement=&#8221;middle&#8221;][vc_column_inner width=&#8221;1\/4&#8243; offset=&#8221;vc_col-xs-3&#8243;][vc_icon icon_fontawesome=&#8221;fa fa-share-square-o&#8221; color=&#8221;custom&#8221; custom_color=&#8221;#a41984&#8243;][\/vc_column_inner][vc_column_inner width=&#8221;3\/4&#8243; offset=&#8221;vc_col-xs-9&#8243;][vc_column_text]<span class=\"sw-acf-field-label label-field_5c77e93b530f5\">Opcja wyd\u0142u\u017cenia kursu<\/span>: <strong>tak<\/strong>[\/vc_column_text][\/vc_column_inner][\/vc_row_inner][\/vc_column][\/vc_row][vc_row][vc_column][vc_separator][\/vc_column][\/vc_row][vc_row][vc_column width=&#8221;1\/2&#8243;][vc_column_text]<p>Niesamowita mieszanka kultur i narodowo\u015bci stworzy\u0142a ekstatyczn\u0105, niepokoj\u0105c\u0105 muzyk\u0119, niepowtarzaln\u0105 literatur\u0119 i malarstwo. Kurs hiszpa\u0144skiego w stolicy Kuby, Hawanie, b\u0119dzie z pewno\u015bci\u0105 niesamowitym prze\u017cyciem. Budynek szko\u0142y po\u0142o\u017cony jest w Miramar, dzielnicy eleganckich hoteli i wspania\u0142ych rezydencji, mieszcz\u0105cych g\u0142\u00f3wnie ambasady i konsulaty. Uroczy, dwupi\u0119trowy budynek otoczony tropikaln\u0105 ro\u015blinno\u015bci\u0105, usytuowany jest niedaleko Avenida 5, g\u0142\u00f3wnej arterii Miramar, przy kt\u00f3rej mie\u015bci si\u0119 wi\u0119kszo\u015b\u0107 najciekawszych atrakcji. S\u0142uchacze znajd\u0105 tu przestronne, klimatyzowane sale lekcyjne, komfortowy pok\u00f3j wypoczynkowy, gdzie mo\u017cna tak\u017ce powt\u00f3rzy\u0107 materia\u0142 przed lekcjami i odrobi\u0107 zadania domowe, oraz  k\u0105cik komputerowy. Z my\u015bl\u0105 o pasjonatach ta\u0144c\u00f3w egzotycznych przygotowano studio taneczne, gdzie po zaj\u0119ciach odbywaj\u0105 si\u0119 warsztaty salsy, bachata, merengue i tanga. Planowane jest r\u00f3wnie\u017c zwiedzanie miasta i dalsze, bardzo ciekawe wycieczki. Opr\u00f3cz kursu standardowego szko\u0142a oferuje mo\u017cliwo\u015b\u0107 dokupienia dodatkowych lekcji lub ca\u0142kowicie spersonalizowanej opcji indywidualnej One-to-One.<\/p>\n[\/vc_column_text][\/vc_column][vc_column width=&#8221;1\/2&#8243;][vc_gallery type=&#8221;flexslider_slide&#8221; interval=&#8221;3&#8243; images=&#8221;5352,8077,8078,8079,8080,8081&#8243; img_size=&#8221;full&#8221;][\/vc_column][\/vc_row][vc_row][vc_column][vc_separator][\/vc_column][\/vc_row][vc_row][vc_column][vc_tta_tabs style=&#8221;flat&#8221; shape=&#8221;square&#8221; active_section=&#8221;1&#8243; el_class=&#8221;zakladki-oferty&#8221;][vc_tta_section i_icon_fontawesome=&#8221;fa fa-info-circle&#8221; add_icon=&#8221;true&#8221; title=&#8221;Informacje o kursie&#8221; tab_id=&#8221;1566982124184-d42c5449-f486b084-addc&#8221;][vc_empty_space][vc_row_inner][vc_column_inner width=&#8221;1\/4&#8243;][vc_column_text]<\/p>\n<h4>Przedzia\u0142 wiekowy:<\/h4>\n<p>[\/vc_column_text][\/vc_column_inner][vc_column_inner width=&#8221;3\/4&#8243;][vc_column_text]Doro\u015bli 18+[\/vc_column_text][\/vc_column_inner][\/vc_row_inner][vc_separator color=&#8221;white&#8221;][vc_row_inner][vc_column_inner width=&#8221;1\/4&#8243;][vc_column_text]<\/p>\n<h4>Wielko\u015b\u0107 grupy:<\/h4>\n<p>[\/vc_column_text][\/vc_column_inner][vc_column_inner width=&#8221;3\/4&#8243;][vc_column_text]10 os\u00f3b[\/vc_column_text][\/vc_column_inner][\/vc_row_inner][vc_separator color=&#8221;white&#8221;][vc_row_inner][vc_column_inner width=&#8221;1\/4&#8243;][vc_column_text]<\/p>\n<h4>Ilo\u015b\u0107 godzin:<\/h4>\n<p>[\/vc_column_text][\/vc_column_inner][vc_column_inner width=&#8221;3\/4&#8243;][vc_column_text]20 x 45 min.\/tyg.[\/vc_column_text][\/vc_column_inner][\/vc_row_inner][vc_separator color=&#8221;white&#8221;][vc_row_inner][vc_column_inner width=&#8221;1\/4&#8243;][vc_column_text]<\/p>\n<h4>Uk\u0142ad zaj\u0119\u0107:<\/h4>\n<p>[\/vc_column_text][\/vc_column_inner][vc_column_inner width=&#8221;3\/4&#8243;][vc_column_text]Zaj\u0119cia poranne[\/vc_column_text][\/vc_column_inner][\/vc_row_inner][vc_separator color=&#8221;white&#8221;][vc_row_inner][vc_column_inner width=&#8221;1\/4&#8243;][vc_column_text]<\/p>\n<h4>Przyjazd\/Wyjazd:<\/h4>\n<p>[\/vc_column_text][\/vc_column_inner][vc_column_inner width=&#8221;3\/4&#8243;][vc_column_text]Niedziela\/Sobota[\/vc_column_text][\/vc_column_inner][\/vc_row_inner][vc_separator color=&#8221;white&#8221;][vc_row_inner][vc_column_inner width=&#8221;1\/4&#8243;][vc_column_text]<\/p>\n<h4>Dost\u0119pno\u015b\u0107 kursu:<\/h4>\n<p>[\/vc_column_text][\/vc_column_inner][vc_column_inner width=&#8221;3\/4&#8243;][vc_column_text]Oferta dost\u0119pna przez ca\u0142y rok[\/vc_column_text][\/vc_column_inner][\/vc_row_inner][\/vc_tta_section][vc_tta_section i_icon_fontawesome=&#8221;fa fa-futbol-o&#8221; add_icon=&#8221;true&#8221; title=&#8221;Zaj\u0119cia pozalekcyjne&#8221; tab_id=&#8221;1566982124204-5adcfe63-6fe6b084-addc&#8221;][vc_empty_space][vc_row_inner][vc_column_inner width=&#8221;1\/4&#8243;][vc_column_text]<\/p>\n<h4>Podstawowy program zaj\u0119\u0107 pozalekcyjnych:<\/h4>\n<p>[\/vc_column_text][\/vc_column_inner][vc_column_inner width=&#8221;3\/4&#8243;][vc_column_text]<i class=\"fas fa-check\" style=\"color: #40c1b9;\"><\/i> &nbsp; zwiedzanie miasta &nbsp; <i class=\"fas fa-check\" style=\"color: #40c1b9;\"><\/i> &nbsp;  zabawy na pla\u017cy &nbsp; <i class=\"fas fa-check\" style=\"color: #40c1b9;\"><\/i> &nbsp;  muzyka na \u017cywo &nbsp; <i class=\"fas fa-check\" style=\"color: #40c1b9;\"><\/i> &nbsp;  wycieczki piesze &nbsp; <i class=\"fas fa-check\" style=\"color: #40c1b9;\"><\/i> &nbsp;  spotkania w mi\u0119dzynarodowym gronie &nbsp; [\/vc_column_text][\/vc_column_inner][\/vc_row_inner][vc_separator color=&#8221;white&#8221;][vc_row_inner][vc_column_inner width=&#8221;1\/4&#8243;][vc_column_text]<\/p>\n<h4>Fakultatywny program zaj\u0119\u0107 pozalekcyjnych:<\/h4>\n<p>[\/vc_column_text][\/vc_column_inner][vc_column_inner width=&#8221;3\/4&#8243;][vc_raw_html]JTVCb2ZlcnRhX2Zha3VsdGF0eXdueV9wcm9ncmFtX3phamVjX3BvemFsZWtjeWpueWNoJTVE[\/vc_raw_html][\/vc_column_inner][\/vc_row_inner][\/vc_tta_section][vc_tta_section i_icon_fontawesome=&#8221;fa fa-money&#8221; add_icon=&#8221;true&#8221; title=&#8221;Przyk\u0142adowa cena&#8221; tab_id=&#8221;1566985000708-301a2e12-c1a3b084-addc&#8221;][vc_empty_space][vc_row_inner equal_height=&#8221;yes&#8221; content_placement=&#8221;middle&#8221;][vc_column_inner width=&#8221;1\/5&#8243;][vc_raw_html]JTNDaDQlM0VaYWt3YXRlcm93YW5pZSUzQSUzQyUyRmg0JTNF[\/vc_raw_html][\/vc_column_inner][vc_column_inner width=&#8221;4\/5&#8243;][vc_raw_html]JTNDaSUyMGNsYXNzJTNEJTIyZmFzJTIwZmEtY2hlY2slMjIlMjBzdHlsZSUzRCUyMmNvbG9yJTNBJTIzNDBjMWI5JTNCJTIyJTNFJTNDJTJGaSUzRSUyNm5ic3AlMjAlNUJvZmVydGFfemFrd2F0ZXJvd2FuaWUlNUQ=[\/vc_raw_html][\/vc_column_inner][\/vc_row_inner][vc_row_inner equal_height=&#8221;yes&#8221; content_placement=&#8221;top&#8221;][vc_column_inner width=&#8221;1\/5&#8243;][vc_raw_html]JTNDaDQlM0VXeSVDNSVCQ3l3aWVuaWUlM0ElM0MlMkZoNCUzRQ==[\/vc_raw_html][\/vc_column_inner][vc_column_inner width=&#8221;4\/5&#8243;][vc_raw_html]JTNDaSUyMGNsYXNzJTNEJTIyZmFzJTIwZmEtY2hlY2slMjIlMjBzdHlsZSUzRCUyMmNvbG9yJTNBJTIzNDBjMWI5JTNCJTIyJTNFJTNDJTJGaSUzRSUyMCU1Qm9mZXJ0YV93eXp5d2llbmllJTVE[\/vc_raw_html][\/vc_column_inner][\/vc_row_inner][vc_row_inner][vc_column_inner width=&#8221;1\/5&#8243;][vc_raw_html]JTNDaDQlM0VXbGljem9uZSUyMHclMjBjZW4lQzQlOTklM0ElM0MlMkZoNCUzRQ==[\/vc_raw_html][\/vc_column_inner][vc_column_inner width=&#8221;4\/5&#8243;][vc_raw_html]JTVCb2ZlcnRhX3phd3N6ZV93X2NlbmllJTVE[\/vc_raw_html][\/vc_column_inner][\/vc_row_inner][vc_column_text]<\/p>\n<h2 style=\"color: #a41984; text-align: right; font-size: 28px;\">od 3220 PLN za 1 tydzie\u0144<\/h2>\n<p>[\/vc_column_text][vc_separator color=&#8221;white&#8221;][vc_row_inner][vc_column_inner width=&#8221;1\/5&#8243;][vc_raw_html]JTNDaDQlM0VEb2RhdGtvd2UlMjBrb3N6dHklMjBuYSUyMG1pZWpzY3UlM0ElM0MlMkZoNCUzRQ==[\/vc_raw_html][\/vc_column_inner][vc_column_inner width=&#8221;4\/5&#8243;][vc_raw_html]JTVCb2ZlcnRhX2RvZGF0a293ZV9rb3N6dHklNUQ=[\/vc_raw_html][\/vc_column_inner][\/vc_row_inner][vc_separator][vc_row_inner][vc_column_inner width=&#8221;1\/5&#8243;][vc_raw_html]JTNDaDQlM0VOaWUlMjB3bGljem9uZSUyMHclMjBjZW4lQzQlOTklM0ElM0MlMkZoNCUzRQ==[\/vc_raw_html][\/vc_column_inner][vc_column_inner width=&#8221;4\/5&#8243;][vc_raw_html]JTVCbmllX3dsaWN6b25lX3dfY2VuZSU1RA==[\/vc_raw_html][\/vc_column_inner][\/vc_row_inner][vc_separator color=&#8221;mulled_wine&#8221;][vc_row_inner equal_height=&#8221;yes&#8221; content_placement=&#8221;middle&#8221;][vc_column_inner width=&#8221;1\/5&#8243;][vc_icon icon_fontawesome=&#8221;fa fa-bed&#8221; color=&#8221;custom&#8221; size=&#8221;xl&#8221; align=&#8221;center&#8221; custom_color=&#8221;#a41984&#8243;][\/vc_column_inner][vc_column_inner width=&#8221;4\/5&#8243;][vc_raw_html]JTNDaDQlM0VBbHRlcm5hdHl3bmUlMjBvcGNqZSUyMHpha3dhdGVyb3dhbmlhJTIwaSUyMHd5JUM1JUJDeXdpZW5pYSUyMCUyOHptaWFuYSUyMGNlbnklMjklM0ElM0MlMkZoNCUzRQ==[\/vc_raw_html][vc_raw_html]JTVCb2ZlcnRhX2FjZiUyMG5hbWUlM0QlMjJkb3N0ZXBuZV93YXJpYW50eV96YWt3YXRlcm93YW5pYSUyMiU1RCUwQQ==[\/vc_raw_html][\/vc_column_inner][\/vc_row_inner][\/vc_tta_section][vc_tta_section i_icon_fontawesome=&#8221;fa fa-globe&#8221; add_icon=&#8221;true&#8221; title=&#8221;Lokalizacja szko\u0142y&#8221; tab_id=&#8221;1568713783523-00ff3b2e-7896&#8243;][vc_raw_html]JTVCb2ZlcnRhX2FjZiUyMG5hbWUlM0QlMjJsb2thbGl6YWNqYV9zemtvbHklMjIlNUQ=[\/vc_raw_html][\/vc_tta_section][\/vc_tta_tabs][\/vc_column][\/vc_row][vc_row][vc_column][vc_message message_box_style=&#8221;outline&#8221; style=&#8221;square&#8221; message_box_color=&#8221;grey&#8221;]Zaprezentowana oferta jest tylko jedn\u0105 z wielu dost\u0119pnych opcji. Na \u017cyczenie przygotujemy ofert\u0119 indywidualn\u0105, dok\u0142adnie uwzgl\u0119dniaj\u0105c\u0105 Pa\u0144stwa potrzeby. Zapraszamy do kontaktu telefonicznego lub mailowego.[\/vc_message][\/vc_column][\/vc_row]<\/p>\n<\/div>","protected":false},"featured_media":5167,"template":"","meta":[],"categories":[72],"tags":[82],"yoast_head":"<!-- This site is optimized with the Yoast SEO plugin v19.14 - https:\/\/yoast.com\/wordpress\/plugins\/seo\/ -->\n<title>Hawana, Kuba - kurs hiszpa\u0144skiego dla doros\u0142ych | TplusT<\/title>\n<meta name=\"description\" content=\"Kuba\u0144ski kurs hiszpa\u0144skiego dla doros\u0142ych w Hawanie, zwiedzanie miasta i okolic, ciekawy program zaj\u0119\u0107 pozalekcyjnych. Sprawd\u017a!\" \/>\n<meta name=\"robots\" content=\"index, follow, max-snippet:-1, max-image-preview:large, max-video-preview:-1\" \/>\n<link rel=\"canonical\" href=\"https:\/\/tplust.pl\/kursy-jezykowe-zagranica\/oferty\/kuba-hawana-jezyk-hiszpanski-kursy-dla-doroslych\/\" \/>\n<meta property=\"og:locale\" content=\"pl_PL\" \/>\n<meta property=\"og:type\" content=\"article\" \/>\n<meta property=\"og:title\" content=\"Hawana, Kuba - kurs hiszpa\u0144skiego dla doros\u0142ych | TplusT\" \/>\n<meta property=\"og:description\" content=\"Kuba\u0144ski kurs hiszpa\u0144skiego dla doros\u0142ych w Hawanie, zwiedzanie miasta i okolic, ciekawy program zaj\u0119\u0107 pozalekcyjnych. Sprawd\u017a!\" \/>\n<meta property=\"og:url\" content=\"https:\/\/tplust.pl\/kursy-jezykowe-zagranica\/oferty\/kuba-hawana-jezyk-hiszpanski-kursy-dla-doroslych\/\" \/>\n<meta property=\"og:site_name\" content=\"Kursy i obozy j\u0119zykowe za granic\u0105\" \/>\n<meta property=\"article:publisher\" content=\"https:\/\/www.facebook.com\/TplusT\/\" \/>\n<meta property=\"article:modified_time\" content=\"2020-03-09T10:00:14+00:00\" \/>\n<meta property=\"og:image\" content=\"https:\/\/tplust.pl\/kursy-jezykowe-zagranica\/wp-content\/uploads\/sites\/3\/2019\/08\/Kuba-Hawana-kurs-hiszpanskiego-dorosli-002.jpg\" \/>\n\t<meta property=\"og:image:width\" content=\"1920\" \/>\n\t<meta property=\"og:image:height\" content=\"600\" \/>\n\t<meta property=\"og:image:type\" content=\"image\/jpeg\" \/>\n<meta name=\"twitter:card\" content=\"summary_large_image\" \/>\n<meta name=\"twitter:label1\" content=\"Szacowany czas czytania\" \/>\n\t<meta name=\"twitter:data1\" content=\"6 minut\" \/>\n<script type=\"application\/ld+json\" class=\"yoast-schema-graph\">{\"@context\":\"https:\/\/schema.org\",\"@graph\":[{\"@type\":\"WebPage\",\"@id\":\"https:\/\/tplust.pl\/kursy-jezykowe-zagranica\/oferty\/kuba-hawana-jezyk-hiszpanski-kursy-dla-doroslych\/\",\"url\":\"https:\/\/tplust.pl\/kursy-jezykowe-zagranica\/oferty\/kuba-hawana-jezyk-hiszpanski-kursy-dla-doroslych\/\",\"name\":\"Hawana, Kuba - kurs hiszpa\u0144skiego dla doros\u0142ych | TplusT\",\"isPartOf\":{\"@id\":\"https:\/\/tplust.pl\/kursy-jezykowe-zagranica\/#website\"},\"datePublished\":\"2020-03-02T16:08:48+00:00\",\"dateModified\":\"2020-03-09T10:00:14+00:00\",\"description\":\"Kuba\u0144ski kurs hiszpa\u0144skiego dla doros\u0142ych w Hawanie, zwiedzanie miasta i okolic, ciekawy program zaj\u0119\u0107 pozalekcyjnych. Sprawd\u017a!\",\"breadcrumb\":{\"@id\":\"https:\/\/tplust.pl\/kursy-jezykowe-zagranica\/oferty\/kuba-hawana-jezyk-hiszpanski-kursy-dla-doroslych\/#breadcrumb\"},\"inLanguage\":\"pl-PL\",\"potentialAction\":[{\"@type\":\"ReadAction\",\"target\":[\"https:\/\/tplust.pl\/kursy-jezykowe-zagranica\/oferty\/kuba-hawana-jezyk-hiszpanski-kursy-dla-doroslych\/\"]}]},{\"@type\":\"BreadcrumbList\",\"@id\":\"https:\/\/tplust.pl\/kursy-jezykowe-zagranica\/oferty\/kuba-hawana-jezyk-hiszpanski-kursy-dla-doroslych\/#breadcrumb\",\"itemListElement\":[{\"@type\":\"ListItem\",\"position\":1,\"name\":\"Strona g\u0142\u00f3wna\",\"item\":\"https:\/\/tplust.pl\/kursy-jezykowe-zagranica\/\"},{\"@type\":\"ListItem\",\"position\":2,\"name\":\"Oferty\",\"item\":\"https:\/\/tplust.pl\/kursy-jezykowe-zagranica\/oferty\/\"},{\"@type\":\"ListItem\",\"position\":3,\"name\":\"Kuba, Hawana J\u0119zyk hiszpa\u0144ski &#8211; Kursy dla doros\u0142ych\"}]},{\"@type\":\"WebSite\",\"@id\":\"https:\/\/tplust.pl\/kursy-jezykowe-zagranica\/#website\",\"url\":\"https:\/\/tplust.pl\/kursy-jezykowe-zagranica\/\",\"name\":\"Kursy i obozy j\u0119zykowe za granic\u0105\",\"description\":\"Zajmujemy si\u0119 indywidualn\u0105 organizacj\u0105 wyjazd\u00f3w j\u0119zykowych za granic\u0119 - dla m\u0142odzie\u017cy, rodzin i doros\u0142ych\",\"potentialAction\":[{\"@type\":\"SearchAction\",\"target\":{\"@type\":\"EntryPoint\",\"urlTemplate\":\"https:\/\/tplust.pl\/kursy-jezykowe-zagranica\/?s={search_term_string}\"},\"query-input\":\"required name=search_term_string\"}],\"inLanguage\":\"pl-PL\"}]}<\/script>\n<!-- \/ Yoast SEO plugin. -->","yoast_head_json":{"title":"Hawana, Kuba - kurs hiszpa\u0144skiego dla doros\u0142ych | TplusT","description":"Kuba\u0144ski kurs hiszpa\u0144skiego dla doros\u0142ych w Hawanie, zwiedzanie miasta i okolic, ciekawy program zaj\u0119\u0107 pozalekcyjnych. Sprawd\u017a!","robots":{"index":"index","follow":"follow","max-snippet":"max-snippet:-1","max-image-preview":"max-image-preview:large","max-video-preview":"max-video-preview:-1"},"canonical":"https:\/\/tplust.pl\/kursy-jezykowe-zagranica\/oferty\/kuba-hawana-jezyk-hiszpanski-kursy-dla-doroslych\/","og_locale":"pl_PL","og_type":"article","og_title":"Hawana, Kuba - kurs hiszpa\u0144skiego dla doros\u0142ych | TplusT","og_description":"Kuba\u0144ski kurs hiszpa\u0144skiego dla doros\u0142ych w Hawanie, zwiedzanie miasta i okolic, ciekawy program zaj\u0119\u0107 pozalekcyjnych. Sprawd\u017a!","og_url":"https:\/\/tplust.pl\/kursy-jezykowe-zagranica\/oferty\/kuba-hawana-jezyk-hiszpanski-kursy-dla-doroslych\/","og_site_name":"Kursy i obozy j\u0119zykowe za granic\u0105","article_publisher":"https:\/\/www.facebook.com\/TplusT\/","article_modified_time":"2020-03-09T10:00:14+00:00","og_image":[{"width":1920,"height":600,"url":"https:\/\/tplust.pl\/kursy-jezykowe-zagranica\/wp-content\/uploads\/sites\/3\/2019\/08\/Kuba-Hawana-kurs-hiszpanskiego-dorosli-002.jpg","type":"image\/jpeg"}],"twitter_card":"summary_large_image","twitter_misc":{"Szacowany czas czytania":"6 minut"},"schema":{"@context":"https:\/\/schema.org","@graph":[{"@type":"WebPage","@id":"https:\/\/tplust.pl\/kursy-jezykowe-zagranica\/oferty\/kuba-hawana-jezyk-hiszpanski-kursy-dla-doroslych\/","url":"https:\/\/tplust.pl\/kursy-jezykowe-zagranica\/oferty\/kuba-hawana-jezyk-hiszpanski-kursy-dla-doroslych\/","name":"Hawana, Kuba - kurs hiszpa\u0144skiego dla doros\u0142ych | TplusT","isPartOf":{"@id":"https:\/\/tplust.pl\/kursy-jezykowe-zagranica\/#website"},"datePublished":"2020-03-02T16:08:48+00:00","dateModified":"2020-03-09T10:00:14+00:00","description":"Kuba\u0144ski kurs hiszpa\u0144skiego dla doros\u0142ych w Hawanie, zwiedzanie miasta i okolic, ciekawy program zaj\u0119\u0107 pozalekcyjnych. Sprawd\u017a!","breadcrumb":{"@id":"https:\/\/tplust.pl\/kursy-jezykowe-zagranica\/oferty\/kuba-hawana-jezyk-hiszpanski-kursy-dla-doroslych\/#breadcrumb"},"inLanguage":"pl-PL","potentialAction":[{"@type":"ReadAction","target":["https:\/\/tplust.pl\/kursy-jezykowe-zagranica\/oferty\/kuba-hawana-jezyk-hiszpanski-kursy-dla-doroslych\/"]}]},{"@type":"BreadcrumbList","@id":"https:\/\/tplust.pl\/kursy-jezykowe-zagranica\/oferty\/kuba-hawana-jezyk-hiszpanski-kursy-dla-doroslych\/#breadcrumb","itemListElement":[{"@type":"ListItem","position":1,"name":"Strona g\u0142\u00f3wna","item":"https:\/\/tplust.pl\/kursy-jezykowe-zagranica\/"},{"@type":"ListItem","position":2,"name":"Oferty","item":"https:\/\/tplust.pl\/kursy-jezykowe-zagranica\/oferty\/"},{"@type":"ListItem","position":3,"name":"Kuba, Hawana J\u0119zyk hiszpa\u0144ski &#8211; Kursy dla doros\u0142ych"}]},{"@type":"WebSite","@id":"https:\/\/tplust.pl\/kursy-jezykowe-zagranica\/#website","url":"https:\/\/tplust.pl\/kursy-jezykowe-zagranica\/","name":"Kursy i obozy j\u0119zykowe za granic\u0105","description":"Zajmujemy si\u0119 indywidualn\u0105 organizacj\u0105 wyjazd\u00f3w j\u0119zykowych za granic\u0119 - dla m\u0142odzie\u017cy, rodzin i doros\u0142ych","potentialAction":[{"@type":"SearchAction","target":{"@type":"EntryPoint","urlTemplate":"https:\/\/tplust.pl\/kursy-jezykowe-zagranica\/?s={search_term_string}"},"query-input":"required name=search_term_string"}],"inLanguage":"pl-PL"}]}},"acf":[],"_links":{"self":[{"href":"https:\/\/tplust.pl\/kursy-jezykowe-zagranica\/wp-json\/wp\/v2\/oferty\/7707"}],"collection":[{"href":"https:\/\/tplust.pl\/kursy-jezykowe-zagranica\/wp-json\/wp\/v2\/oferty"}],"about":[{"href":"https:\/\/tplust.pl\/kursy-jezykowe-zagranica\/wp-json\/wp\/v2\/types\/oferty"}],"wp:featuredmedia":[{"embeddable":true,"href":"https:\/\/tplust.pl\/kursy-jezykowe-zagranica\/wp-json\/wp\/v2\/media\/5167"}],"wp:attachment":[{"href":"https:\/\/tplust.pl\/kursy-jezykowe-zagranica\/wp-json\/wp\/v2\/media?parent=7707"}],"wp:term":[{"taxonomy":"category","embeddable":true,"href":"https:\/\/tplust.pl\/kursy-jezykowe-zagranica\/wp-json\/wp\/v2\/categories?post=7707"},{"taxonomy":"post_tag","embeddable":true,"href":"https:\/\/tplust.pl\/kursy-jezykowe-zagranica\/wp-json\/wp\/v2\/tags?post=7707"}],"curies":[{"name":"wp","href":"https:\/\/api.w.org\/{rel}","templated":true}]}}